{"id":13,"date":"2023-04-09T19:03:16","date_gmt":"2023-04-09T17:03:16","guid":{"rendered":"https:\/\/izanauzokrazia.eus\/?page_id=13"},"modified":"2024-07-01T17:40:05","modified_gmt":"2024-07-01T15:40:05","slug":"hasiera","status":"publish","type":"page","link":"https:\/\/izanauzokrazia.eus\/es\/","title":{"rendered":"Inicio"},"content":{"rendered":"<div class=\"wp-block-columns is-layout-flex wp-container-core-columns-is-layout-9d6595d7 wp-block-columns-is-layout-flex\">\n<div class=\"wp-block-column is-layout-flow wp-block-column-is-layout-flow\"><\/div>\n\n\n\n<div class=\"wp-block-column is-layout-flow wp-block-column-is-layout-flow\"><\/div>\n<\/div>\n\n\n\n<div class=\"wp-block-columns is-layout-flex wp-container-core-columns-is-layout-9d6595d7 wp-block-columns-is-layout-flex\"><\/div>\n\n\n\n<h2 class=\"wp-block-heading H2_izan has-text-color has-link-color has-medium-font-size wp-elements-d220aa9a4a1fe536d81415e338083319\" style=\"color:#005c41;font-style:normal;font-weight:700\"><strong>\u00bfQUIENES SOMOS?<\/strong><\/h2>\n\n\n\n<p><strong>Izan Auzokrazia<\/strong> es una herramienta al servicio de los ciudadanos. Se fundamenta en la colaboraci\u00f3n entre las personas honradas, de manera directa cuyo objetivo es el verdadero bien com\u00fan.<\/p>\n\n\n\n<p>Queremos involucrarnos en todos los asuntos que nos conciernen, tanto en los an\u00e1lisis, en las decisiones, como en sus implantaciones. Somos personas soberanas y responsables de nuestras decisiones; por esa raz\u00f3n, no queremos delegar en terceros lo que deber\u00edan ser decisiones propias.<\/p>\n\n\n\n<p>Creemos en una ciudadan\u00eda informada, participativa y responsable, ya que nuestra misi\u00f3n es la de propiciar que los ciudadanos se organicen en batzarres, para que el poder vaya desde abajo hacia arriba, puesto que defendemos el poder del auzo, del pueblo, Auzokrazia, frente a la partitocracia.<\/p>\n\n\n\n<div style=\"height:20px\" aria-hidden=\"true\" class=\"wp-block-spacer\"><\/div>\n\n\n\n<h2 class=\"wp-block-heading H2_izan has-text-color has-link-color has-medium-font-size wp-elements-72c51d6667e0b2700e74d3484e8ae2e0\" style=\"color:#005c41;font-style:normal;font-weight:700\"><strong>EL PUNTO DE VISTA, \u00bfA D\u00d3NDE HEMOS LLEGADO?<\/strong><\/h2>\n\n\n\n<p>Queremos crear las herramientas necesarias para ofrecer alternativas, solucionar problemas y afrontar los retos que se nos presentan como sociedad, a partir de los principios de Auzokrazia, para que los ciudadanos seamos m\u00e1s conscientes personal y socialmente, m\u00e1s libres y soberanos en todas nuestras decisiones.<\/p>\n\n\n\n<p>As\u00ed mismo, <strong>Izan Auzokrazia<\/strong> defiende una visi\u00f3n integral de la sociedad, una visi\u00f3n de \u00e1guila, de gran angular, en las cual el ciudadano est\u00e9 bien informado y pueda participar y decidir responsablemente. De tal manera que las decisiones que nos afectan las tomemos de abajo hacia arriba.<\/p>\n\n\n\n<div style=\"height:20px\" aria-hidden=\"true\" class=\"wp-block-spacer\"><\/div>\n\n\n\n<h2 class=\"wp-block-heading H2_izan has-text-color has-link-color has-medium-font-size wp-elements-d801dc9989abc1f3159a7e8c8d4d6d5d\" style=\"color:#005c41;font-style:normal;font-weight:700\"><strong>VALORES<\/strong><\/h2>\n\n\n\n<p>Los valores de Izan Auzokrazia se basan en el valor de la persona, en la humanidad de nuestros antepasados:<\/p>\n\n\n\n<p> - Sentido com\u00fan: bien com\u00fan<br>- Integridad: pensar + decir + hacer <br>- Respeto y consideraci\u00f3n a las personas<br>- Mesura, contenci\u00f3n.<br>- Valor: hacer lo que debemos hacer.<\/p>\n\n\n\n<div style=\"height:15px\" aria-hidden=\"true\" class=\"wp-block-spacer\"><\/div>\n\n\n\n<hr class=\"wp-block-separator has-text-color has-alpha-channel-opacity has-background is-style-wide\" style=\"background-color:#ea922a;color:#ea922a\"\/>\n\n\n\n<h2 class=\"wp-block-heading H2_izan has-text-color has-link-color has-medium-font-size wp-elements-b9f8a4d4724f81ec090eb3057a258c43\" style=\"color:#005c41;font-style:normal;font-weight:700\"><strong>MANIFIESTO EN DEFENSA DE NUESTRA LIBERTAD, SALUD Y ECONOM\u00cdA<\/strong><\/h2>\n\n\n\n<p><em><strong>IZAN AUZOKRAZIA<\/strong><\/em> somos un movimiento social y pol\u00edtico que defendemos la soberan\u00eda de las personas y la de los pueblos para decidir sobre nuestro futuro. Nos unimos para parar la estrategia y los objetivos de la Agenda 2030 globalista y articular una respuesta unitaria contra el avance del totalitarismo estatal, la destrucci\u00f3n de nuestra econom\u00eda, los ataques a los derechos y libertades, a la salud, as\u00ed como a las identidades de los pueblos.<\/p>\n\n\n\n<div style=\"height:20px\" aria-hidden=\"true\" class=\"wp-block-spacer\"><\/div>\n\n\n\n<div class=\"wp-block-columns is-layout-flex wp-container-core-columns-is-layout-9d6595d7 wp-block-columns-is-layout-flex\">\n<div class=\"wp-block-column is-vertically-aligned-stretch is-layout-flow wp-block-column-is-layout-flow\" style=\"flex-basis:50%\">\n<h2 class=\"wp-block-heading has-text-color has-link-color has-medium-font-size wp-elements-fabeb0b7fadd91bc2224fb2fc8e3a2a0\" style=\"color:#ea922a;font-style:normal;font-weight:700\"><strong>\u00bfC\u00d3MO NOS QUIEREN ARREBATAR LA LIBERTAD?<\/strong><\/h2>\n\n\n\n<p>Esas exigencias totalitarias que conlleva la agenda vulneran y rompen el n\u00facleo del sistema democr\u00e1tico: la libertad personal. Se impone a las personas y a la sociedad una serie de requisitos, sin respetar las normativas hasta ahora, sin debate, sin votaci\u00f3n y sin ning\u00fan control legal.<\/p>\n\n\n\n<p>De esa manera, los poderes reales, invisibles y ocultos tras la Agenda 2030, toman las verdaderas decisiones importantes que afectan a nuestras vidas, a nuestras familias y a nuestros pueblos.<\/p>\n\n\n\n<p>Mientras tanto, los partidos pol\u00edticos que forman parte del sistema, no s\u00f3lo asumen d\u00f3cilmente esos mandatos sino que act\u00faan como correa de transmisi\u00f3n para la consecuci\u00f3n de esos objetivos. Las consecuencias son evidentes: p\u00e9rdida de la soberan\u00eda de los pueblos, censura total y control de la informaci\u00f3n en pro de una \u00fanica \u201cverdad\u201d, control tambi\u00e9n con el dinero y la identidad digital,  empobrecimiento programado de la poblaci\u00f3n por parte de las instituciones p\u00fablicas, de los oligopolios, de los bancos..., destrucci\u00f3n programada de la agricultura, ganader\u00eda, aut\u00f3nomos. peque\u00f1o comercio y empresas\u2026<\/p>\n\n\n\n<p>En \u00faltima instancia, la finalidad es suprimir todos los derechos de los individuos de tal manera que su restricci\u00f3n la presentan como si fuese un beneficio para toda la sociedad. Los delirios totalitarios enmascaran sus intenciones bajo un pretendido \u201cBien Com\u00fan\u201d para toda la sociedad, aunque sea siempre por encima y a costa del bien del individuo y de su comunidad.<\/p>\n<\/div>\n\n\n\n<div class=\"wp-block-column is-vertically-aligned-stretch is-layout-flow wp-block-column-is-layout-flow\" style=\"flex-basis:50%\">\n<h2 class=\"wp-block-heading has-text-color has-link-color has-medium-font-size wp-elements-2eb8d9fbbb3db774c92693c668c3b4fe\" style=\"color:#ea922a;font-style:normal;font-weight:700\"><strong>\u00bfC\u00d3MO NOS DEFENDEMOS?<\/strong><\/h2>\n\n\n\n<p>Para hacer frente a todos estos ataques coordinados contra los pueblos tenemos que organizarnos de abajo hacia arriba, pueblo a pueblo y sector por sector. Tenemos que recuperar todas aquellas estructuras libres que no puedan controlar ni con sobornos ni con amenazas: amistades, batzarres, asociaciones, cooperativas \u2026 y mucho trabajo personal.<\/p>\n\n\n\n<p>El poder personal que tenemos es enorme, si somos conscientes de ello. Pensar, planear, poner en marcha\u2026<\/p>\n\n\n\n<p>Necesitamos disponer de una estructura fuerte, que sea referente en las comarcas, que aglutine a la gente libre, que ponga freno a todos los desmanes de los globalistas y de sus c\u00f3mplices. Una estructura que ayude a crear proyectos, a recuperar lo perdido en el \u00e1mbito de las libertades, la econom\u00eda, organizaci\u00f3n social, alimentaci\u00f3n, salud\u2026<\/p>\n\n\n\n<p><em><strong>Izan Auzokrazia<\/strong><\/em> ha nacido para ser un referente importante en esta lucha y poder actuar en todos los \u00e1mbitos que sean necesarios.<\/p>\n<\/div>\n<\/div>\n\n\n\n<div class=\"wp-block-columns is-layout-flex wp-container-core-columns-is-layout-9d6595d7 wp-block-columns-is-layout-flex\">\n<div class=\"wp-block-column is-layout-flow wp-block-column-is-layout-flow\">\n<p>\u00a1Participa en <em><strong>Izan Auzokrazia<\/strong><\/em>!!<\/p>\n<\/div>\n<\/div>\n\n\n\n<div style=\"height:29px\" aria-hidden=\"true\" class=\"wp-block-spacer\"><\/div>\n\n\n\n<div class=\"wp-block-group\"><div class=\"wp-block-group__inner-container is-layout-constrained wp-block-group-is-layout-constrained\">\n<div class=\"wp-block-columns is-layout-flex wp-container-core-columns-is-layout-9d6595d7 wp-block-columns-is-layout-flex\">\n<div class=\"wp-block-column is-layout-flow wp-block-column-is-layout-flow\" style=\"flex-basis:100%\"><div class='pt-cv-wrapper'> <h3 class='pt-cv-heading-container heading5' data-blockid='dlr30uij'><span class='pt-cv-heading'> NOTICIAS <\/span><\/h3><div class=\"pt-cv-view pt-cv-blockgrid iscvblock iscvreal grid1 layout1\" id=\"pt-cv-view-dlr30uij\"><div data-id=\"pt-cv-page-1\" class=\"pt-cv-page\" data-cvc=\"3\"><div class=\"pt-cv-content-item pt-cv-1-col\" ><div class=\"pt-cv-thumb-wrapper\"><a href=\"https:\/\/izanauzokrazia.eus\/es\/goia\/\" class=\"_self pt-cv-href-thumbnail pt-cv-thumb-default\" target=\"_self\" ><img loading=\"lazy\" decoding=\"async\" width=\"475\" height=\"475\" src=\"https:\/\/izanauzokrazia.eus\/wp-content\/uploads\/2025\/09\/250929-Familia.jpeg\" class=\"pt-cv-thumbnail\" alt=\"\" \/><\/a><\/div>\n<h4 class=\"pt-cv-title\"><a href=\"https:\/\/izanauzokrazia.eus\/es\/goia\/\" class=\"_self\" target=\"_self\" >Eneko Goia dice que hemos decidido extinguirnos: \u00bfPara qui\u00e9n trabajan nuestros pol\u00edticos?<\/a><\/h4>\n<div class=\"pt-cv-taxoterm below_title\"><a href='https:\/\/izanauzokrazia.eus\/es\/category\/demografia-kultura\/' title='Demografia-Cultura' class='pt-cv-tax-demografia-kultura'>Demografia-Cultura<\/a><\/div>\n<div class=\"pt-cv-content\">Eneko Goia Donostiako alkateak immigrazioaren inguruan egindako adierazpenak \u201czoragarriak\u201d dira, hiria, klima aldaketa eta demografia ideia bakarrean batzea lortu duelako. Sekulako arrakasta. Bere hitzetan, &#8230;<\/div>\n<div class=\"pt-cv-rmwrap\"><a href=\"https:\/\/izanauzokrazia.eus\/es\/goia\/\" class=\"_self pt-cv-readmore btn btn-success\" target=\"_self\" >Leer m\u00e1s<\/a><\/div><\/div>\n<div class=\"pt-cv-content-item pt-cv-1-col\" ><div class=\"pt-cv-thumb-wrapper\"><a href=\"https:\/\/izanauzokrazia.eus\/es\/ss\/\" class=\"_self pt-cv-href-thumbnail pt-cv-thumb-default\" target=\"_self\" ><img loading=\"lazy\" decoding=\"async\" width=\"768\" height=\"429\" src=\"https:\/\/izanauzokrazia.eus\/wp-content\/uploads\/2025\/07\/Aburto3-768x429.jpg\" class=\"pt-cv-thumbnail\" alt=\"\" \/><\/a><\/div>\n<h4 class=\"pt-cv-title\"><a href=\"https:\/\/izanauzokrazia.eus\/es\/ss\/\" class=\"_self\" target=\"_self\" >Gran subida del impuesto de basuras en el 2026. En Bilbao un 45%<\/a><\/h4>\n<div class=\"pt-cv-taxoterm below_title\"><a href='https:\/\/izanauzokrazia.eus\/es\/category\/ekonomia\/' title='Econom\u00eda' class='pt-cv-tax-ekonomia'>Econom\u00eda<\/a><\/div>\n<div class=\"pt-cv-content\">Izan Auzokraziak kezka handiz ikusten du estatu espainarrean eta Euskal Herrian oraindik gehiago, zergak igotzeko politika geldiezina, BPGren gaineteik eta inflazioaren gainetik, eta horren &#8230;<\/div>\n<div class=\"pt-cv-rmwrap\"><a href=\"https:\/\/izanauzokrazia.eus\/es\/ss\/\" class=\"_self pt-cv-readmore btn btn-success\" target=\"_self\" >Leer m\u00e1s<\/a><\/div><\/div>\n<div class=\"pt-cv-content-item pt-cv-1-col\" ><div class=\"pt-cv-thumb-wrapper\"><a href=\"https:\/\/izanauzokrazia.eus\/es\/ek\/\" class=\"_self pt-cv-href-thumbnail pt-cv-thumb-default\" target=\"_self\" ><img loading=\"lazy\" decoding=\"async\" width=\"768\" height=\"1087\" src=\"https:\/\/izanauzokrazia.eus\/wp-content\/uploads\/2025\/06\/250608-Autokarabana-donostia-768x1087.jpg\" class=\"pt-cv-thumbnail\" alt=\"Karabana\" \/><\/a><\/div>\n<h4 class=\"pt-cv-title\"><a href=\"https:\/\/izanauzokrazia.eus\/es\/ek\/\" class=\"_self\" target=\"_self\" >El 8 de junio auto caravana para denunciar el fraude de las bajas emisiones<\/a><\/h4>\n<div class=\"pt-cv-taxoterm below_title\"><a href='https:\/\/izanauzokrazia.eus\/es\/category\/albisteak\/' title='Noticias' class='pt-cv-tax-albisteak'>Noticias<\/a><\/div>\n<div class=\"pt-cv-content\">Igande honetan autoen bigarren auto eta motoen karabana emisio gutxiko iruzur, lapurreta eta debekuaren aurka Donostian \u00a0 Iruzurra: Badira pisu handiko 16 arrazoi baino &#8230;<\/div>\n<div class=\"pt-cv-rmwrap\"><a href=\"https:\/\/izanauzokrazia.eus\/es\/ek\/\" class=\"_self pt-cv-readmore btn btn-success\" target=\"_self\" >Leer m\u00e1s<\/a><\/div><\/div>\n<div class=\"pt-cv-content-item pt-cv-1-col\" ><div class=\"pt-cv-thumb-wrapper\"><a href=\"https:\/\/izanauzokrazia.eus\/es\/donostian\/\" class=\"_self pt-cv-href-thumbnail pt-cv-thumb-default\" target=\"_self\" ><img loading=\"lazy\" decoding=\"async\" width=\"553\" height=\"786\" src=\"https:\/\/izanauzokrazia.eus\/wp-content\/uploads\/2024\/11\/241201-Karabana-Donostia.jpg\" class=\"pt-cv-thumbnail\" alt=\"Auto karabana\" \/><\/a><\/div>\n<h4 class=\"pt-cv-title\"><a href=\"https:\/\/izanauzokrazia.eus\/es\/donostian\/\" class=\"_self\" target=\"_self\" >Caravana de coches y motos en Donostia para denunciar el gran fraude de las bajas emisiones<\/a><\/h4>\n<div class=\"pt-cv-taxoterm below_title\"><a href='https:\/\/izanauzokrazia.eus\/es\/category\/albisteak\/' title='Noticias' class='pt-cv-tax-albisteak'>Noticias<\/a><\/div>\n<div class=\"pt-cv-content\">Igande honetan autoen lehenengo \u00a0auto eta motoen karabana emisio gutxiko iruzur, lapurreta eta debekuaren aurka Donostian 12 arrazoi baino gehiago ditugu emisio gutxiko eremuak &#8230;<\/div>\n<div class=\"pt-cv-rmwrap\"><a href=\"https:\/\/izanauzokrazia.eus\/es\/donostian\/\" class=\"_self pt-cv-readmore btn btn-success\" target=\"_self\" >Leer m\u00e1s<\/a><\/div><\/div>\n<div class=\"pt-cv-content-item pt-cv-1-col\" ><div class=\"pt-cv-thumb-wrapper\"><a href=\"https:\/\/izanauzokrazia.eus\/es\/2s\/\" class=\"_self pt-cv-href-thumbnail pt-cv-thumb-default\" target=\"_self\" ><img loading=\"lazy\" decoding=\"async\" width=\"768\" height=\"1086\" src=\"https:\/\/izanauzokrazia.eus\/wp-content\/uploads\/2024\/09\/4-Autoen-karabana-768x1086.jpg\" class=\"pt-cv-thumbnail\" alt=\"\" \/><\/a><\/div>\n<h4 class=\"pt-cv-title\"><a href=\"https:\/\/izanauzokrazia.eus\/es\/2s\/\" class=\"_self\" target=\"_self\" >El 5 de octubre caravana para denunciar el fraude de las bajas emisiones<\/a><\/h4>\n<div class=\"pt-cv-taxoterm below_title\"><a href='https:\/\/izanauzokrazia.eus\/es\/category\/albisteak\/' title='Noticias' class='pt-cv-tax-albisteak'>Noticias<\/a><\/div>\n<div class=\"pt-cv-content\">12 arrazoi baino gehiago ditugu emisio gutxiko eremuak iruzurra, lapurreta eta debekua direla baieztatzeko Jende askok uste du Europar Batasunak ibilgailuen emisio kutsatzaileak murriztu &#8230;<\/div>\n<div class=\"pt-cv-rmwrap\"><a href=\"https:\/\/izanauzokrazia.eus\/es\/2s\/\" class=\"_self pt-cv-readmore btn btn-success\" target=\"_self\" >Leer m\u00e1s<\/a><\/div><\/div>\n<div class=\"pt-cv-content-item pt-cv-1-col\" ><div class=\"pt-cv-thumb-wrapper\"><a href=\"https:\/\/izanauzokrazia.eus\/es\/emisio-gutxiko-eremuei-ez\/\" class=\"_self pt-cv-href-thumbnail pt-cv-thumb-default\" target=\"_self\" ><img loading=\"lazy\" decoding=\"async\" width=\"472\" height=\"368\" src=\"https:\/\/izanauzokrazia.eus\/wp-content\/uploads\/2024\/07\/240930-patxi-karabanak.jpg\" class=\"pt-cv-thumbnail\" alt=\"\" \/><\/a><\/div>\n<h4 class=\"pt-cv-title\"><a href=\"https:\/\/izanauzokrazia.eus\/es\/emisio-gutxiko-eremuei-ez\/\" class=\"_self\" target=\"_self\" >Emisio gutxiko eremuei EZ!<\/a><\/h4>\n<div class=\"pt-cv-taxoterm below_title\"><a href='https:\/\/izanauzokrazia.eus\/es\/category\/ekitaldia\/' title='Ekitaldia' class='pt-cv-tax-ekitaldia'>Ekitaldia<\/a><a href='https:\/\/izanauzokrazia.eus\/es\/category\/izan-auzokrazia\/' title='Izan Auzokrazia' class='pt-cv-tax-izan-auzokrazia'>Izan Auzokrazia<\/a><\/div>\n<div class=\"pt-cv-content\">Emisio baxuak debeku eta iruzur handiak: zatoz larunbateko autoen karabanara Bajas emisiones, grandes prohibiciones y enga\u00f1o: ven a la caravana de coches del s\u00e1bado &#8230;<\/div>\n<div class=\"pt-cv-rmwrap\"><a href=\"https:\/\/izanauzokrazia.eus\/es\/emisio-gutxiko-eremuei-ez\/\" class=\"_self pt-cv-readmore btn btn-success\" target=\"_self\" >Leer m\u00e1s<\/a><\/div><\/div><\/div><\/div> <\/div> <style>\n\n#pt-cv-view-dlr30uij .pt-cv-content-item { border-style: outset;border-width: 0px 0px 1px 0px; }#pt-cv-view-dlr30uij .pt-cv-meta-fields {  }#pt-cv-view-dlr30uij .pt-cv-meta-fields * { text-transform: capitalize;font-family: \"ABeeZee\";font-size: 13px; }.pt-cv-heading-container[data-blockid=\"dlr30uij\"] { border-color: #005c41; }.pt-cv-heading-container[data-blockid=\"dlr30uij\"] * { background-color: #005c41;font-weight: 100;text-transform: normal;text-decoration: initial;font-family: \"ABeeZee\";line-height: 37px; }#pt-cv-view-dlr30uij .pt-cv-thumb-wrapper:not(.miniwrap) {  }#pt-cv-view-dlr30uij .pt-cv-thumbnail:not(.pt-cv-thumbnailsm) { height: 200px; }#pt-cv-view-dlr30uij .pt-cv-thumb-wrapper {  }#pt-cv-view-dlr30uij[class*=\"cveffect\"] .pt-cv-thumb-wrapper, #pt-cv-view-dlr30uij:not([class*=\"cveffect\"]) .pt-cv-thumbnail { border-color: #d7c63b;border-style: solid;border-width: 0px 0px 0px 0px; }#pt-cv-view-dlr30uij .pt-cv-thumbnail {  }#pt-cv-view-dlr30uij .pt-cv-title a { display: block;color: #005c41; }#pt-cv-view-dlr30uij .pt-cv-title:not(.pt-cv-titlesm) a { font-weight: 600;text-decoration: none;font-family: \"ABeeZee\";font-size: 20px;line-height: 19px; }#pt-cv-view-dlr30uij .pt-cv-titlesm a { font-weight: 600;font-size: 18px; }#pt-cv-view-dlr30uij .pt-cv-content { font-size: 15px; }#pt-cv-view-dlr30uij .pt-cv-rmwrap {  }#pt-cv-view-dlr30uij .pt-cv-readmore { color: #fff;background-color: #005c41;font-family: \"ABeeZee\";font-size: 14px; }#pt-cv-view-dlr30uij .pt-cv-taxoterm {  }#pt-cv-view-dlr30uij .pt-cv-taxoterm * { color: #ea922a;background-color: #ffffff00;text-transform: uppercase;text-decoration: initial;border-style: solid;font-family: \"ABeeZee\";font-size: 11px;border-width: 0px 0px 0px 2px; }#pt-cv-view-dlr30uij + .pt-cv-pagination-wrapper {  }#pt-cv-view-dlr30uij + .pt-cv-pagination-wrapper a { font-size: 14px; }#pt-cv-view-dlr30uij > .pt-cv-page {grid-template-columns: repeat(3, 1fr);grid-gap: 20px;}#pt-cv-view-dlr30uij .pt-cv-rmwrap:hover {  }#pt-cv-view-dlr30uij .pt-cv-readmore:hover { background-color: #ea922a; }\n@media all and (max-width: 1024px) { \n#pt-cv-view-dlr30uij > .pt-cv-page {grid-template-columns: repeat(2, 1fr);}\n} \n@media all and (max-width: 767px) { \n#pt-cv-view-dlr30uij > .pt-cv-page {grid-template-columns: repeat(1, 1fr);}\n} <\/style><link href='\/\/fonts.googleapis.com\/css?family=ABeeZee' rel='stylesheet' type='text\/css'><\/div>\n<\/div>\n<\/div><\/div>\n\n\n\n<div class=\"wp-block-columns is-layout-flex wp-container-core-columns-is-layout-9d6595d7 wp-block-columns-is-layout-flex\">\n<div class=\"wp-block-column is-layout-flow wp-block-column-is-layout-flow\"><\/div>\n<\/div>","protected":false},"excerpt":{"rendered":"<p>NOR GARA? Izan Auzokrazia herritarren zerbitzura dagoen tresna da. Pertsona zintzoen arteko lankidetzan oinarritzen da, eta lankidetza horren helburua benetako ondasun komuna da. Guri dagozkigun&hellip;<\/p>","protected":false},"author":1,"featured_media":0,"parent":0,"menu_order":0,"comment_status":"closed","ping_status":"closed","template":"","meta":{"footnotes":""},"class_list":["post-13","page","type-page","status-publish","hentry"],"_links":{"self":[{"href":"https:\/\/izanauzokrazia.eus\/es\/wp-json\/wp\/v2\/pages\/13","targetHints":{"allow":["GET"]}}],"collection":[{"href":"https:\/\/izanauzokrazia.eus\/es\/wp-json\/wp\/v2\/pages"}],"about":[{"href":"https:\/\/izanauzokrazia.eus\/es\/wp-json\/wp\/v2\/types\/page"}],"author":[{"embeddable":true,"href":"https:\/\/izanauzokrazia.eus\/es\/wp-json\/wp\/v2\/users\/1"}],"replies":[{"embeddable":true,"href":"https:\/\/izanauzokrazia.eus\/es\/wp-json\/wp\/v2\/comments?post=13"}],"version-history":[{"count":39,"href":"https:\/\/izanauzokrazia.eus\/es\/wp-json\/wp\/v2\/pages\/13\/revisions"}],"predecessor-version":[{"id":1082,"href":"https:\/\/izanauzokrazia.eus\/es\/wp-json\/wp\/v2\/pages\/13\/revisions\/1082"}],"wp:attachment":[{"href":"https:\/\/izanauzokrazia.eus\/es\/wp-json\/wp\/v2\/media?parent=13"}],"curies":[{"name":"wp","href":"https:\/\/api.w.org\/{rel}","templated":true}]}}